{"id":3996,"date":"2025-03-08T22:47:35","date_gmt":"2025-03-08T21:47:35","guid":{"rendered":"https:\/\/dniotwarte.uwb.edu.pl\/?page_id=3996"},"modified":"2025-03-12T15:17:10","modified_gmt":"2025-03-12T14:17:10","slug":"rodo","status":"publish","type":"page","link":"http:\/\/dniotwarte.uwb.edu.pl\/?page_id=3996","title":{"rendered":"RODO"},"content":{"rendered":"<p><strong><u>Informacja o&nbsp;przetwarzaniu danych<\/u><\/strong><\/p>\n<ol>\n<li>Administratorem Pani\/Pana danych osobowych jest Uniwersytet w Bia\u0142ymstoku, ul. \u015awierkowa 20 B, 15-328 Bia\u0142ystok. Informacje o przyj\u0119tej polityce prywatno\u015bci znajduj\u0105 si\u0119 pod adresem internetowym: <a href=\"https:\/\/uwb.edu.pl\/ochrona-danych-osobowych\">https:\/\/uwb.edu.pl\/ochrona-danych-osobowych<\/a>.<\/li>\n<li>Administrator danych powo\u0142a\u0142 Inspektora Ochrony Danych, odpowiadaj\u0105cego za prawid\u0142owo\u015b\u0107 przetwarzania danych osobowych, z kt\u00f3rym mo\u017cna skontaktowa\u0107 si\u0119 za po\u015brednictwem adresu e-mail: <a href=\"mailto:iod@uwb.edu.pl\">iod@uwb.edu.pl<\/a>.<\/li>\n<li>Dane osobowe b\u0119d\u0105 przetwarzane w celach:\n<ol type=\"1\">\n<li>uczestnictwa w Wydarzeniu \u201eSpotkania z Nauk\u0105\u201d \u2013 podstaw\u0105 prawn\u0105 przetwarzania jest wyra\u017cona przez Pa\u0144stwa zgoda (art. 6 ust. 1 lit. a RODO);<\/li>\n<li>organizacji i obs\u0142ugi Wydarzenia \u201eSpotkania z Nauk\u0105\u201d \u2013 podstaw\u0105 prawn\u0105 przetwarzania danych jest niezb\u0119dno\u015b\u0107 przetwarzania do realizacji cel\u00f3w wynikaj\u0105cych z prawnie uzasadnionych interes\u00f3w realizowanych przez Uniwersytet w UwB (art. 6 ust. 1 lit. f RODO). Prawnie uzasadnionymi celami przetwarzania jest przekazywanie informacji organizacyjnych dotycz\u0105cych wydarzenia, w szczeg\u00f3lno\u015bci ewentualnych informacji o odwo\u0142aniu albo prze\u0142o\u017ceniu wydarzenia, jak r\u00f3wnie\u017c ocena jako\u015bci Wydarzenia oraz cele statystyczne.<\/li>\n<\/ol>\n<\/li>\n<li>Podanie danych osobowych jest dobrowolne, ale niezb\u0119dne do wzi\u0119cia udzia\u0142u w Wydarzeniu.<\/li>\n<li>Pani\/Pana dane osobowe b\u0119d\u0105 przetwarzane przez okres niezb\u0119dny do realizacji cel\u00f3w zwi\u0105zanych z realizacj\u0105 Umowy nie d\u0142u\u017cej jednak ni\u017c:\n<ol type=\"1\">\n<li>do momentu zg\u0142oszenia przez Pani\/Pana wniosku o ich usuni\u0119cie, cofni\u0119cie zgody na przetwarzanie danych osobowych, przetwarzanie ograniczenia, sprzeciwu wobec ich przetwarzania lub ich przenoszenia;<\/li>\n<li>do czasu realizacji prawnie uzasadnionego interesu Administratora.<\/li>\n<\/ol>\n<\/li>\n<li>Pani\/Pana dane osobowe mog\u0105 zosta\u0107 ujawnione podmiotom, z us\u0142ug kt\u00f3rych korzysta Administrator. Odbiorcami danych mog\u0105 by\u0107 r\u00f3wnie\u017c, na podstawie zobowi\u0105zania, instytucje upowa\u017cnione na mocy prawa (s\u0105dy, policja). Dost\u0119p do danych osobowych b\u0119d\u0105 posiada\u0107 pracownicy Administratora, kt\u00f3rzy przetwarzaj\u0105 dane osobowe w zwi\u0105zku z realizacj\u0105 obowi\u0105zk\u00f3w s\u0142u\u017cbowych. Odbiorcami danych osobowych mog\u0105 by\u0107 tak\u017ce podmioty, kt\u00f3rym administrator na podstawie umowy powierzenia przetwarzania danych osobowych zleci wykonanie okre\u015blonych czynno\u015bci, z kt\u00f3rymi wi\u0105\u017ce si\u0119 konieczno\u015b\u0107 przetwarzania danych osobowych.<\/li>\n<li>Przys\u0142uguj\u0105 Pani\/Panu nast\u0119puj\u0105ce prawa zwi\u0105zane z przetwarzaniem danych osobowych:\n<ol type=\"1\">\n<li>prawo dost\u0119pu do swoich danych osobowych;<\/li>\n<li>prawo \u017c\u0105dania sprostowania niedok\u0142adnych danych osobowych oraz uzupe\u0142nienia niekompletnych danych osobowych;<\/li>\n<li>prawo \u017c\u0105dania usuni\u0119cia danych osobowych (prawo to nie przys\u0142uguje w szczeg\u00f3lno\u015bci, gdy przetwarzanie danych jest niezb\u0119dne do wywi\u0105zania si\u0119 z prawnego obowi\u0105zku wymagaj\u0105cego takiego przetwarzania na mocy obowi\u0105zuj\u0105cych przepis\u00f3w prawa lub do wykonania zadania publicznego);<\/li>\n<li>prawo do \u017c\u0105dania ograniczenia przetwarzania Pani\/Pana danych osobowych;<\/li>\n<li>prawo do wniesienia sprzeciwu wobec przetwarzania Pani\/Pana danych osobowych;<\/li>\n<li>prawo do przenoszenia Pani\/Pana danych osobowych;<\/li>\n<li>prawo wniesienia skargi do organu nadzorczego zajmuj\u0105cego si\u0119 ochron\u0105 danych osobowych, tj. Prezesa Urz\u0119du Ochrony Danych Osobowych;<\/li>\n<\/ol>\n<\/li>\n<li>Pani\/Pana dane osobowe nie b\u0119d\u0105 przekazywane poza Europejski Obszar Gospodarczy (EOG).<\/li>\n<li>Pani\/Pana dane osobowe nie b\u0119d\u0105 profilowane.<\/li>\n<\/ol>\n","protected":false},"excerpt":{"rendered":"<p>Informacja o&nbsp;przetwarzaniu danych Administratorem Pani\/Pana danych osobowych jest Uniwersytet w Bia\u0142ymstoku, ul. \u015awierkowa 20 B, 15-328 Bia\u0142ystok. Informacje o przyj\u0119tej polityce prywatno\u015bci znajduj\u0105 si\u0119 pod adresem internetowym: https:\/\/uwb.edu.pl\/ochrona-danych-osobowych. Administrator danych powo\u0142a\u0142 Inspektora Ochrony Danych, odpowiadaj\u0105cego za prawid\u0142owo\u015b\u0107 przetwarzania danych osobowych, z kt\u00f3rym mo\u017cna skontaktowa\u0107 si\u0119 za po\u015brednictwem adresu e-mail: iod@uwb.edu.pl. Dane osobowe b\u0119d\u0105 przetwarzane w &hellip; <\/p>\n<p class=\"link-more\"><a href=\"http:\/\/dniotwarte.uwb.edu.pl\/?page_id=3996\" class=\"more-link\">Czytaj dalej<span class=\"screen-reader-text\"> \u201eRODO\u201d<\/span><\/a><\/p>\n","protected":false},"author":3,"featured_media":0,"parent":0,"menu_order":0,"comment_status":"closed","ping_status":"closed","template":"","meta":{"ngg_post_thumbnail":0,"jetpack_post_was_ever_published":false,"footnotes":""},"categories":[],"tags":[],"class_list":["post-3996","page","type-page","status-publish","hentry"],"jetpack_sharing_enabled":true,"jetpack_shortlink":"https:\/\/wp.me\/P9I97i-12s","jetpack_likes_enabled":true,"jetpack-related-posts":[],"_links":{"self":[{"href":"http:\/\/dniotwarte.uwb.edu.pl\/index.php?rest_route=\/wp\/v2\/pages\/3996","targetHints":{"allow":["GET"]}}],"collection":[{"href":"http:\/\/dniotwarte.uwb.edu.pl\/index.php?rest_route=\/wp\/v2\/pages"}],"about":[{"href":"http:\/\/dniotwarte.uwb.edu.pl\/index.php?rest_route=\/wp\/v2\/types\/page"}],"author":[{"embeddable":true,"href":"http:\/\/dniotwarte.uwb.edu.pl\/index.php?rest_route=\/wp\/v2\/users\/3"}],"replies":[{"embeddable":true,"href":"http:\/\/dniotwarte.uwb.edu.pl\/index.php?rest_route=%2Fwp%2Fv2%2Fcomments&post=3996"}],"version-history":[{"count":8,"href":"http:\/\/dniotwarte.uwb.edu.pl\/index.php?rest_route=\/wp\/v2\/pages\/3996\/revisions"}],"predecessor-version":[{"id":4033,"href":"http:\/\/dniotwarte.uwb.edu.pl\/index.php?rest_route=\/wp\/v2\/pages\/3996\/revisions\/4033"}],"wp:attachment":[{"href":"http:\/\/dniotwarte.uwb.edu.pl\/index.php?rest_route=%2Fwp%2Fv2%2Fmedia&parent=3996"}],"wp:term":[{"taxonomy":"category","embeddable":true,"href":"http:\/\/dniotwarte.uwb.edu.pl\/index.php?rest_route=%2Fwp%2Fv2%2Fcategories&post=3996"},{"taxonomy":"post_tag","embeddable":true,"href":"http:\/\/dniotwarte.uwb.edu.pl\/index.php?rest_route=%2Fwp%2Fv2%2Ftags&post=3996"}],"curies":[{"name":"wp","href":"https:\/\/api.w.org\/{rel}","templated":true}]}}