{"id":720,"date":"2018-03-05T13:52:08","date_gmt":"2018-03-05T12:52:08","guid":{"rendered":"http:\/\/dniotwarte.uwb.edu.pl\/?page_id=720"},"modified":"2018-03-14T16:09:08","modified_gmt":"2018-03-14T15:09:08","slug":"work-live-balance-czyli-sposob-na-sukces","status":"publish","type":"page","link":"http:\/\/dniotwarte.uwb.edu.pl\/?page_id=720","title":{"rendered":"\u201eWork &#8211; Life Balance, czyli spos\u00f3b na SUKCES!\u201d"},"content":{"rendered":"<p style=\"text-align: center;\"><strong>Wydzia\u0142 Biologiczno-Chemiczny Uniwersytetu <\/strong><strong>w Bia\u0142ymstoku<\/strong><\/p>\n<p style=\"text-align: center;\"><strong>serdecznie zaprasza na spotkanie <\/strong><\/p>\n<p style=\"text-align: center;\"><strong>z <\/strong><strong>Adamem Walickim<\/strong><\/p>\n<p><img data-recalc-dims=\"1\" fetchpriority=\"high\" decoding=\"async\" data-attachment-id=\"721\" data-permalink=\"http:\/\/dniotwarte.uwb.edu.pl\/?attachment_id=721\" data-orig-file=\"https:\/\/i0.wp.com\/dniotwarte.uwb.edu.pl\/wp-content\/uploads\/2018\/03\/screenshot.99-1.jpg?fit=438%2C268\" data-orig-size=\"438,268\" data-comments-opened=\"0\" data-image-meta=\"{&quot;aperture&quot;:&quot;0&quot;,&quot;credit&quot;:&quot;&quot;,&quot;camera&quot;:&quot;&quot;,&quot;caption&quot;:&quot;&quot;,&quot;created_timestamp&quot;:&quot;0&quot;,&quot;copyright&quot;:&quot;&quot;,&quot;focal_length&quot;:&quot;0&quot;,&quot;iso&quot;:&quot;0&quot;,&quot;shutter_speed&quot;:&quot;0&quot;,&quot;title&quot;:&quot;&quot;,&quot;orientation&quot;:&quot;0&quot;}\" data-image-title=\"screenshot.99\" data-image-description=\"\" data-image-caption=\"\" data-medium-file=\"https:\/\/i0.wp.com\/dniotwarte.uwb.edu.pl\/wp-content\/uploads\/2018\/03\/screenshot.99-1.jpg?fit=300%2C184\" data-large-file=\"https:\/\/i0.wp.com\/dniotwarte.uwb.edu.pl\/wp-content\/uploads\/2018\/03\/screenshot.99-1.jpg?fit=438%2C268\" class=\"size-medium wp-image-721 aligncenter\" src=\"https:\/\/i0.wp.com\/dniotwarte.uwb.edu.pl\/wp-content\/uploads\/2018\/03\/screenshot.99-1.jpg?resize=300%2C184\" alt=\"\" width=\"300\" height=\"184\" srcset=\"https:\/\/i0.wp.com\/dniotwarte.uwb.edu.pl\/wp-content\/uploads\/2018\/03\/screenshot.99-1.jpg?resize=300%2C184 300w, https:\/\/i0.wp.com\/dniotwarte.uwb.edu.pl\/wp-content\/uploads\/2018\/03\/screenshot.99-1.jpg?w=438 438w\" sizes=\"(max-width: 300px) 100vw, 300px\" \/><\/p>\n<p style=\"text-align: center;\">wieloletnim doradc\u0105 czo\u0142owych firm w regionie, prezesem Instytutu Kronenberga i wiceprezesem Fundacji Techntalenty.<\/p>\n<p style=\"text-align: center;\"><strong>\u201e<\/strong><strong>Work &#8211; Life Balance, czyli spos\u00f3b na SUKCES!\u201d<\/strong><\/p>\n<ul>\n<li>Je\u017celi chcesz porozmawia\u0107 o swojej przysz\u0142o\u015bci z do\u015bwiadczonym rekruterem i doradc\u0105 biznesowym<\/li>\n<li>Je\u017celi chcesz si\u0119 dowiedzie\u0107 jak szuka\u0107 satysfakcji z pracy<\/li>\n<li>Je\u017celi chcesz pozna\u0107 skuteczne metody rozmowy z pracodawc\u0105<\/li>\n<li>Je\u017celi chcesz pozna\u0107, co warto w sobie zmieni\u0107 by by\u0107 skutecznym w \u017cyciu<\/li>\n<\/ul>\n<p>w dn. 16 marca 2016 r. &#8211; pi\u0105tek &#8211; godz. 14.00, Cio\u0142kowskiego 1k, 15-245 Bia\u0142ystok (budynek Instytutu Chemii)<\/p>\n<p><strong>Marcowe Spotkania z Nauk\u0105 &#8211; Dni Otwarte na Kampusie UwB <\/strong><\/p>\n<p><strong>(16-17 marca 2018 r.) <\/strong><\/p>\n<p><strong>Pan Adam Walicki to wybitny konsultant i trener w zakresie zarz\u0105dzania marketingowego i komunikacji biznesowej.<\/strong><\/p>\n<p>Od ponad dwudziestu pi\u0119ciu lat doradca wsp\u00f3\u0142pracuj\u0105cy z wiod\u0105cymi firmami (50 firm) i&nbsp;instytucjami samorz\u0105dowymi regionu. Wieloletni wyk\u0142adowca marketingu i PR na studiach podyplomowych i studiach MBA. Inicjator powstania i doradca wielu klastr\u00f3w. Inicjator nowych przedsi\u0119wzi\u0119\u0107 gospodarczych. Prelegent na kilkudziesi\u0119ciu konferencjach i seminariach biznesowych. Wieloletni cz\u0142onek kapitu\u0142 konkurs\u00f3w biznesowych, w tym Podlaskiej Z\u0142otej Setki i Mened\u017cera Roku. Przewodnicz\u0105cy Kapitu\u0142y Nagrody Kronenberga. Inicjator Forum Idei Miast Turystycznych. Wiceprzewodnicz\u0105cy Rady Rozwoju Wydzia\u0142u Architektury Politechniki Bia\u0142ostockiej. Cz\u0142onek Rady Konsultacyjnej ds. Koncepcji Kszta\u0142cenia na Wydziale Biologiczno-Chemicznym Uniwersytetu w&nbsp;Bia\u0142ymstoku i&nbsp; wiceprzewodnicz\u0105cy Rady Rozwoju Wydzia\u0142u Architektury Politechniki Bia\u0142ostockiej. Cz\u0142onek&nbsp; Programowej Wschodniego Kongresu Gospodarczego (2014, 2015, 2016, 2017) i Rady Programowej Kongresu Lider\u00f3w Zmian (2016, 2017).<\/p>\n<p>Wsp\u00f3\u0142organizator konferencji \u201ePrawdziwa Europa Region\u00f3w a rozw\u00f3j Polski Wschodniej\u201d (2011, 2012). Prezes Instytutu Kronenberga \u2013 Fundacji Przysz\u0142o\u015bci Obszar\u00f3w Chronionych. Prezes Resursy Podlaskiej, kt\u00f3rej celem jest wspieranie inicjatyw dotycz\u0105cych rozwoju spo\u0142eczno \u2013 gospodarczego wojew\u00f3dztwa podlaskiego. Wiceprezes zarz\u0105du Fundacji Technotalenty, organizacji promuj\u0105cej kultur\u0119 innowacji poprzez wsparcie przedsi\u0119biorstw w&nbsp;pozyskiwaniu talent\u00f3w.<\/p>\n<p>Od 25 lat wsp\u00f3\u0142w\u0142a\u015bciciel i prezes firmy doradztwa marketingowego M-Mix. Wsp\u00f3\u0142za\u0142o\u017cyciel Wy\u017cszej Szko\u0142y Finans\u00f3w I Zarz\u0105dzania w Bia\u0142ymstoku. Wsp\u00f3\u0142za\u0142o\u017cyciel i cz\u0142onek zarz\u0105du Instytutu Bada\u0144 i Analiz VIVADE realizuj\u0105cego badania spo\u0142eczne i gospodarcze, m.in. dotycz\u0105ce rozwoju Polski Wschodniej, klasteringu, rynku pracy i innowacji.<\/p>\n<p>Cz\u0142onek zarz\u0105du firmy Concada Consulting, kt\u00f3ra zajmuje si\u0119 tworzeniem wizerunku firm i&nbsp;instytucji. Wsp\u00f3\u0142organizator M\u0142odzie\u017cowych Konferencji Naukowych (2015, 2016, 2017). Wsp\u00f3\u0142organizator Mi\u0119dzynarodowych Konferencji Naukowych \u201eTurystyka na Obszarach Przyrodniczo Cennych\u201d (2015, 2016, 2017).&nbsp;<\/p>\n","protected":false},"excerpt":{"rendered":"<p>Wydzia\u0142 Biologiczno-Chemiczny Uniwersytetu w Bia\u0142ymstoku serdecznie zaprasza na spotkanie z Adamem Walickim wieloletnim doradc\u0105 czo\u0142owych firm w regionie, prezesem Instytutu Kronenberga i wiceprezesem Fundacji Techntalenty. \u201eWork &#8211; Life Balance, czyli spos\u00f3b na SUKCES!\u201d Je\u017celi chcesz porozmawia\u0107 o swojej przysz\u0142o\u015bci z do\u015bwiadczonym rekruterem i doradc\u0105 biznesowym Je\u017celi chcesz si\u0119 dowiedzie\u0107 jak szuka\u0107 satysfakcji z pracy Je\u017celi &hellip; <\/p>\n<p class=\"link-more\"><a href=\"http:\/\/dniotwarte.uwb.edu.pl\/?page_id=720\" class=\"more-link\">Czytaj dalej<span class=\"screen-reader-text\"> \u201e\u201eWork &#8211; Life Balance, czyli spos\u00f3b na SUKCES!\u201d\u201d<\/span><\/a><\/p>\n","protected":false},"author":1,"featured_media":0,"parent":0,"menu_order":0,"comment_status":"closed","ping_status":"closed","template":"","meta":{"ngg_post_thumbnail":0,"jetpack_post_was_ever_published":false,"footnotes":""},"categories":[],"tags":[],"class_list":["post-720","page","type-page","status-publish","hentry"],"jetpack_sharing_enabled":true,"jetpack_shortlink":"https:\/\/wp.me\/P9I97i-bC","jetpack_likes_enabled":true,"jetpack-related-posts":[],"_links":{"self":[{"href":"http:\/\/dniotwarte.uwb.edu.pl\/index.php?rest_route=\/wp\/v2\/pages\/720","targetHints":{"allow":["GET"]}}],"collection":[{"href":"http:\/\/dniotwarte.uwb.edu.pl\/index.php?rest_route=\/wp\/v2\/pages"}],"about":[{"href":"http:\/\/dniotwarte.uwb.edu.pl\/index.php?rest_route=\/wp\/v2\/types\/page"}],"author":[{"embeddable":true,"href":"http:\/\/dniotwarte.uwb.edu.pl\/index.php?rest_route=\/wp\/v2\/users\/1"}],"replies":[{"embeddable":true,"href":"http:\/\/dniotwarte.uwb.edu.pl\/index.php?rest_route=%2Fwp%2Fv2%2Fcomments&post=720"}],"version-history":[{"count":3,"href":"http:\/\/dniotwarte.uwb.edu.pl\/index.php?rest_route=\/wp\/v2\/pages\/720\/revisions"}],"predecessor-version":[{"id":886,"href":"http:\/\/dniotwarte.uwb.edu.pl\/index.php?rest_route=\/wp\/v2\/pages\/720\/revisions\/886"}],"wp:attachment":[{"href":"http:\/\/dniotwarte.uwb.edu.pl\/index.php?rest_route=%2Fwp%2Fv2%2Fmedia&parent=720"}],"wp:term":[{"taxonomy":"category","embeddable":true,"href":"http:\/\/dniotwarte.uwb.edu.pl\/index.php?rest_route=%2Fwp%2Fv2%2Fcategories&post=720"},{"taxonomy":"post_tag","embeddable":true,"href":"http:\/\/dniotwarte.uwb.edu.pl\/index.php?rest_route=%2Fwp%2Fv2%2Ftags&post=720"}],"curies":[{"name":"wp","href":"https:\/\/api.w.org\/{rel}","templated":true}]}}